{"id":2923,"date":"2023-05-01T05:30:11","date_gmt":"2023-05-01T05:30:11","guid":{"rendered":"https:\/\/mt.osterwalder-zug.ch\/project\/309-prima-614-prima\/"},"modified":"2025-05-23T09:28:02","modified_gmt":"2025-05-23T09:28:02","slug":"309-prima-614-prima","status":"publish","type":"project","link":"https:\/\/mt.osterwalder-zug.ch\/fr\/project\/309-prima-614-prima\/","title":{"rendered":"309 PRIMA &#8211; 614 PRIMA"},"content":{"rendered":"<p>[et_pb_section fb_built=\u00a0\u00bb1&Prime; fullwidth=\u00a0\u00bbon\u00a0\u00bb custom_padding_last_edited=\u00a0\u00bbon|desktop\u00a0\u00bb _builder_version=\u00a0\u00bb4.16&Prime; background_color=\u00a0\u00bb#ffffff\u00a0\u00bb custom_padding_tablet=\u00a0\u00bb50px|0|50px|0&Prime; custom_padding_phone=\u00a0\u00bb\u00a0\u00bb transparent_background=\u00a0\u00bboff\u00a0\u00bb padding_mobile=\u00a0\u00bboff\u00a0\u00bb make_fullwidth=\u00a0\u00bboff\u00a0\u00bb use_custom_width=\u00a0\u00bboff\u00a0\u00bb width_unit=\u00a0\u00bbon\u00a0\u00bb global_colors_info=\u00a0\u00bb{}\u00a0\u00bb][et_pb_fullwidth_image src=\u00a0\u00bbhttps:\/\/mt.osterwalder-zug.ch\/wp-content\/uploads\/2017\/06\/verlauf-Horiz.png\u00a0\u00bb disabled_on=\u00a0\u00bboff|off|\u00a0\u00bb admin_label=\u00a0\u00bbBild Verlauf \u00a0\u00bb _builder_version=\u00a0\u00bb4.16&Prime; animation_style=\u00a0\u00bbslide\u00a0\u00bb animation_direction=\u00a0\u00bbleft\u00a0\u00bb animation_duration=\u00a0\u00bb500ms\u00a0\u00bb animation_intensity_slide=\u00a0\u00bb10%\u00a0\u00bb animation=\u00a0\u00bbleft\u00a0\u00bb use_border_color=\u00a0\u00bboff\u00a0\u00bb border_color=\u00a0\u00bb#ffffff\u00a0\u00bb border_style=\u00a0\u00bbsolid\u00a0\u00bb global_colors_info=\u00a0\u00bb{}\u00a0\u00bb][\/et_pb_fullwidth_image][\/et_pb_section][et_pb_section fb_built=\u00a0\u00bb1&Prime; custom_padding_last_edited=\u00a0\u00bbon|desktop\u00a0\u00bb _builder_version=\u00a0\u00bb4.16&Prime; background_color=\u00a0\u00bb#ffffff\u00a0\u00bb custom_padding_tablet=\u00a0\u00bb50px|0|50px|0&Prime; custom_padding_phone=\u00a0\u00bb\u00a0\u00bb transparent_background=\u00a0\u00bboff\u00a0\u00bb padding_mobile=\u00a0\u00bboff\u00a0\u00bb make_fullwidth=\u00a0\u00bboff\u00a0\u00bb use_custom_width=\u00a0\u00bboff\u00a0\u00bb width_unit=\u00a0\u00bbon\u00a0\u00bb global_colors_info=\u00a0\u00bb{}\u00a0\u00bb][et_pb_row _builder_version=\u00a0\u00bb4.16&Prime; background_size=\u00a0\u00bbinitial\u00a0\u00bb background_position=\u00a0\u00bbtop_left\u00a0\u00bb background_repeat=\u00a0\u00bbrepeat\u00a0\u00bb global_colors_info=\u00a0\u00bb{}\u00a0\u00bb][et_pb_column type=\u00a0\u00bb4_4&Prime; _builder_version=\u00a0\u00bb4.16&Prime; custom_padding=\u00a0\u00bb|||\u00a0\u00bb global_colors_info=\u00a0\u00bb{}\u00a0\u00bb custom_padding__hover=\u00a0\u00bb|||\u00a0\u00bb][et_pb_divider show_divider=\u00a0\u00bboff\u00a0\u00bb disabled_on=\u00a0\u00bbon|on|off\u00a0\u00bb _builder_version=\u00a0\u00bb4.16&Prime; hide_on_mobile=\u00a0\u00bbon\u00a0\u00bb global_colors_info=\u00a0\u00bb{}\u00a0\u00bb][\/et_pb_divider][\/et_pb_column][\/et_pb_row][et_pb_row column_structure=\u00a0\u00bb1_2,1_2&Prime; _builder_version=\u00a0\u00bb4.16&Prime; background_size=\u00a0\u00bbinitial\u00a0\u00bb background_position=\u00a0\u00bbtop_left\u00a0\u00bb background_repeat=\u00a0\u00bbrepeat\u00a0\u00bb global_colors_info=\u00a0\u00bb{}\u00a0\u00bb][et_pb_column type=\u00a0\u00bb1_2&Prime; _builder_version=\u00a0\u00bb4.16&Prime; custom_padding=\u00a0\u00bb|||\u00a0\u00bb global_colors_info=\u00a0\u00bb{}\u00a0\u00bb custom_padding__hover=\u00a0\u00bb|||\u00a0\u00bb][\/et_pb_column][et_pb_column type=\u00a0\u00bb1_2&Prime; _builder_version=\u00a0\u00bb4.16&Prime; custom_padding=\u00a0\u00bb|||\u00a0\u00bb global_colors_info=\u00a0\u00bb{}\u00a0\u00bb custom_padding__hover=\u00a0\u00bb|||\u00a0\u00bb][et_pb_image src=\u00a0\u00bbhttps:\/\/mt.osterwalder-zug.ch\/wp-content\/uploads\/2014\/12\/VICI-Logo.jpg\u00a0\u00bb align_tablet=\u00a0\u00bbcenter\u00a0\u00bb align_phone=\u00a0\u00bbcenter\u00a0\u00bb align_last_edited=\u00a0\u00bbon|desktop\u00a0\u00bb _builder_version=\u00a0\u00bb4.16&Prime; animation_style=\u00a0\u00bbslide\u00a0\u00bb animation_direction=\u00a0\u00bbleft\u00a0\u00bb animation_duration=\u00a0\u00bb500ms\u00a0\u00bb animation_intensity_slide=\u00a0\u00bb10%\u00a0\u00bb animation=\u00a0\u00bbleft\u00a0\u00bb use_border_color=\u00a0\u00bboff\u00a0\u00bb border_color=\u00a0\u00bb#ffffff\u00a0\u00bb border_style=\u00a0\u00bbsolid\u00a0\u00bb sticky=\u00a0\u00bboff\u00a0\u00bb always_center_on_mobile=\u00a0\u00bbon\u00a0\u00bb global_colors_info=\u00a0\u00bb{}\u00a0\u00bb][\/et_pb_image][\/et_pb_column][\/et_pb_row][\/et_pb_section][et_pb_section fb_built=\u00a0\u00bb1&Prime; admin_label=\u00a0\u00bbsection\u00a0\u00bb _builder_version=\u00a0\u00bb4.16&Prime; global_colors_info=\u00a0\u00bb{}\u00a0\u00bb][et_pb_row column_structure=\u00a0\u00bb1_2,1_2&Prime; admin_label=\u00a0\u00bbrow\u00a0\u00bb _builder_version=\u00a0\u00bb4.16&Prime; background_size=\u00a0\u00bbinitial\u00a0\u00bb background_position=\u00a0\u00bbtop_left\u00a0\u00bb background_repeat=\u00a0\u00bbrepeat\u00a0\u00bb global_colors_info=\u00a0\u00bb{}\u00a0\u00bb][et_pb_column type=\u00a0\u00bb1_2&Prime; _builder_version=\u00a0\u00bb4.16&Prime; custom_padding=\u00a0\u00bb|||\u00a0\u00bb global_colors_info=\u00a0\u00bb{}\u00a0\u00bb custom_padding__hover=\u00a0\u00bb|||\u00a0\u00bb][et_pb_text admin_label=\u00a0\u00bbTitel\u00a0\u00bb _builder_version=\u00a0\u00bb4.20.4&Prime; text_font=\u00a0\u00bbOpen Sans Light||||\u00a0\u00bb text_text_color=\u00a0\u00bb#000000&Prime; text_font_size=\u00a0\u00bb52&Prime; background_size=\u00a0\u00bbinitial\u00a0\u00bb background_position=\u00a0\u00bbtop_left\u00a0\u00bb background_repeat=\u00a0\u00bbrepeat\u00a0\u00bb module_alignment=\u00a0\u00bbleft\u00a0\u00bb border_color_all=\u00a0\u00bb#ffffff\u00a0\u00bb border_style_all=\u00a0\u00bbsolid\u00a0\u00bb use_border_color=\u00a0\u00bboff\u00a0\u00bb border_color=\u00a0\u00bb#ffffff\u00a0\u00bb border_style=\u00a0\u00bbsolid\u00a0\u00bb global_colors_info=\u00a0\u00bb{}\u00a0\u00bb]<\/p>\n<h1>309 PRIMA &#8211; 614 PRIMA<\/h1>\n<p>[\/et_pb_text][et_pb_text admin_label=\u00a0\u00bbUntertitel\u00a0\u00bb _builder_version=\u00a0\u00bb4.16&Prime; text_font=\u00a0\u00bbOpen Sans Light||||\u00a0\u00bb text_text_color=\u00a0\u00bb#dbdbdb\u00a0\u00bb text_font_size=\u00a0\u00bb36&Prime; background_size=\u00a0\u00bbinitial\u00a0\u00bb background_position=\u00a0\u00bbtop_left\u00a0\u00bb background_repeat=\u00a0\u00bbrepeat\u00a0\u00bb use_border_color=\u00a0\u00bboff\u00a0\u00bb global_colors_info=\u00a0\u00bb{}\u00a0\u00bb]<\/p>\n<h2>Pour mesurer les grands arbres, ainsi que les petites pi\u00e8ces.<\/h2>\n<p>[\/et_pb_text][et_pb_text _builder_version=\u00a0\u00bb4.20.4&Prime; text_font=\u00a0\u00bbOpen Sans Light||||\u00a0\u00bb text_text_color=\u00a0\u00bb#000000&Prime; background_size=\u00a0\u00bbinitial\u00a0\u00bb background_position=\u00a0\u00bbtop_left\u00a0\u00bb background_repeat=\u00a0\u00bbrepeat\u00a0\u00bb use_border_color=\u00a0\u00bboff\u00a0\u00bb global_colors_info=\u00a0\u00bb{}\u00a0\u00bb]<\/p>\n<p>La simplicit\u00e9 permet \u00e0 chaque op\u00e9rateur de contr\u00f4ler le processus de production \u00e0 tout moment.<\/p>\n<p>Notre objectif est de vous offrir des normes de mesure \u00e9lev\u00e9es \u00e0 un excellent rapport qualit\u00e9-prix avec une machine compacte.<\/p>\n<p><strong>Des centaines de mesures en quelques secondes sur toutes les pi\u00e8ces tourn\u00e9es et rectifi\u00e9es<\/strong>.<\/p>\n<p>Les plages de mesure de cette nouvelle s\u00e9rie commencent \u00e0 1 mm et vont <strong>de 90 \u00e0 140 mm en diam\u00e8tre et de 300 \u00e0 600 mm en longueur. <\/strong><\/p>\n<p>[\/et_pb_text][\/et_pb_column][et_pb_column type=\u00a0\u00bb1_2&Prime; _builder_version=\u00a0\u00bb4.16&Prime; custom_padding=\u00a0\u00bb|||\u00a0\u00bb global_colors_info=\u00a0\u00bb{}\u00a0\u00bb custom_padding__hover=\u00a0\u00bb|||\u00a0\u00bb][et_pb_image src=\u00a0\u00bbhttps:\/\/mt.osterwalder-zug.ch\/wp-content\/uploads\/2023\/04\/SERIE_PRIMA-VICIVISION_reale_4.jpg\u00a0\u00bb alt=\u00a0\u00bbMTL X5 \u00a0\u00bb title_text=\u00a0\u00bbSERIE_PRIMA VICIVISION_reale_4&Prime; align_tablet=\u00a0\u00bbcenter\u00a0\u00bb align_phone=\u00a0\u00bbcenter\u00a0\u00bb align_last_edited=\u00a0\u00bbon|desktop\u00a0\u00bb admin_label=\u00a0\u00bbImage\u00a0\u00bb _builder_version=\u00a0\u00bb4.20.4&Prime; animation_style=\u00a0\u00bbslide\u00a0\u00bb animation_direction=\u00a0\u00bbright\u00a0\u00bb animation_duration=\u00a0\u00bb500ms\u00a0\u00bb animation_intensity_slide=\u00a0\u00bb10%\u00a0\u00bb animation=\u00a0\u00bbright\u00a0\u00bb use_border_color=\u00a0\u00bboff\u00a0\u00bb border_color=\u00a0\u00bb#ffffff\u00a0\u00bb border_style=\u00a0\u00bbsolid\u00a0\u00bb sticky=\u00a0\u00bboff\u00a0\u00bb always_center_on_mobile=\u00a0\u00bbon\u00a0\u00bb global_colors_info=\u00a0\u00bb{}\u00a0\u00bb][\/et_pb_image][\/et_pb_column][\/et_pb_row][\/et_pb_section][et_pb_section fb_built=\u00a0\u00bb1&Prime; custom_padding_last_edited=\u00a0\u00bbon|desktop\u00a0\u00bb _builder_version=\u00a0\u00bb4.16&Prime; custom_padding_tablet=\u00a0\u00bb50px|0|50px|0&Prime; custom_padding_phone=\u00a0\u00bb\u00a0\u00bb transparent_background=\u00a0\u00bboff\u00a0\u00bb padding_mobile=\u00a0\u00bboff\u00a0\u00bb make_fullwidth=\u00a0\u00bboff\u00a0\u00bb use_custom_width=\u00a0\u00bboff\u00a0\u00bb width_unit=\u00a0\u00bbon\u00a0\u00bb global_colors_info=\u00a0\u00bb{}\u00a0\u00bb][et_pb_row column_structure=\u00a0\u00bb1_2,1_2&Prime; _builder_version=\u00a0\u00bb4.16&Prime; background_size=\u00a0\u00bbinitial\u00a0\u00bb background_position=\u00a0\u00bbtop_left\u00a0\u00bb background_repeat=\u00a0\u00bbrepeat\u00a0\u00bb global_colors_info=\u00a0\u00bb{}\u00a0\u00bb][et_pb_column type=\u00a0\u00bb1_2&Prime; _builder_version=\u00a0\u00bb4.16&Prime; custom_padding=\u00a0\u00bb|||\u00a0\u00bb global_colors_info=\u00a0\u00bb{}\u00a0\u00bb custom_padding__hover=\u00a0\u00bb|||\u00a0\u00bb][et_pb_image src=\u00a0\u00bbhttps:\/\/mt.osterwalder-zug.ch\/wp-content\/uploads\/2023\/05\/609_prima.png\u00a0\u00bb title_text=\u00a0\u00bb609_prima\u00a0\u00bb align_tablet=\u00a0\u00bbcenter\u00a0\u00bb align_phone=\u00a0\u00bbcenter\u00a0\u00bb align_last_edited=\u00a0\u00bbon|desktop\u00a0\u00bb _builder_version=\u00a0\u00bb4.20.4&Prime; animation_style=\u00a0\u00bbslide\u00a0\u00bb animation_direction=\u00a0\u00bbleft\u00a0\u00bb animation_duration=\u00a0\u00bb500ms\u00a0\u00bb animation_intensity_slide=\u00a0\u00bb10{c5e6756a5319be4501b688b7571ebb68323b3ba5939e6fcb25c42683677ac0b9}\u00a0\u00bb use_border_color=\u00a0\u00bboff\u00a0\u00bb always_center_on_mobile=\u00a0\u00bbon\u00a0\u00bb global_colors_info=\u00a0\u00bb{}\u00a0\u00bb][\/et_pb_image][\/et_pb_column][et_pb_column type=\u00a0\u00bb1_2&Prime; _builder_version=\u00a0\u00bb4.16&Prime; custom_padding=\u00a0\u00bb|||\u00a0\u00bb global_colors_info=\u00a0\u00bb{}\u00a0\u00bb custom_padding__hover=\u00a0\u00bb|||\u00a0\u00bb][et_pb_text _builder_version=\u00a0\u00bb4.20.4&Prime; background_size=\u00a0\u00bbinitial\u00a0\u00bb background_position=\u00a0\u00bbtop_left\u00a0\u00bb background_repeat=\u00a0\u00bbrepeat\u00a0\u00bb use_border_color=\u00a0\u00bboff\u00a0\u00bb global_colors_info=\u00a0\u00bb{}\u00a0\u00bb]<\/p>\n<p><strong>Comment mesurer les pi\u00e8ces tourn\u00e9es le plus efficacement possible ?<\/strong><\/p>\n<p>Avec une machine qui serre la pi\u00e8ce comme un tour : avec des moyens de serrage comme des pointes et des mandrins \u00e0 mors.<\/p>\n<p><strong>Quel est le meilleur endroit pour mesurer mes pi\u00e8ces tourn\u00e9es ?<\/strong><\/p>\n<p>L\u00e0 o\u00f9 c&rsquo;est le plus utile : juste \u00e0 c\u00f4t\u00e9 du tour.<\/p>\n<p><strong>Qui mesure les pi\u00e8ces tourn\u00e9es ?<\/strong><\/p>\n<p>Gr\u00e2ce \u00e0 nos formations individuelles, des milliers d&rsquo;entreprises utilisent d\u00e9j\u00e0 le syst\u00e8me de mani\u00e8re totalement autonome et n&rsquo;ont plus besoin de personnel sp\u00e9cialis\u00e9 pour effectuer les mesures.<\/p>\n<p>[\/et_pb_text][et_pb_video src=\u00a0\u00bbhttps:\/\/www.youtube.com\/watch?v=c39OdUpVU5c\u00a0\u00bb _builder_version=\u00a0\u00bb4.20.4&Prime; global_colors_info=\u00a0\u00bb{}\u00a0\u00bb][\/et_pb_video][\/et_pb_column][\/et_pb_row][\/et_pb_section][et_pb_section fb_built=\u00a0\u00bb1&Prime; _builder_version=\u00a0\u00bb4.16&Prime; global_colors_info=\u00a0\u00bb{}\u00a0\u00bb][et_pb_row column_structure=\u00a0\u00bb1_2,1_2&Prime; _builder_version=\u00a0\u00bb4.16&Prime; background_size=\u00a0\u00bbinitial\u00a0\u00bb background_position=\u00a0\u00bbtop_left\u00a0\u00bb background_repeat=\u00a0\u00bbrepeat\u00a0\u00bb global_colors_info=\u00a0\u00bb{}\u00a0\u00bb][et_pb_column type=\u00a0\u00bb1_2&Prime; _builder_version=\u00a0\u00bb4.16&Prime; custom_padding=\u00a0\u00bb|||\u00a0\u00bb global_colors_info=\u00a0\u00bb{}\u00a0\u00bb custom_padding__hover=\u00a0\u00bb|||\u00a0\u00bb][et_pb_text admin_label=\u00a0\u00bbUntertitel\u00a0\u00bb _builder_version=\u00a0\u00bb4.20.4&Prime; background_size=\u00a0\u00bbinitial\u00a0\u00bb background_position=\u00a0\u00bbtop_left\u00a0\u00bb background_repeat=\u00a0\u00bbrepeat\u00a0\u00bb use_border_color=\u00a0\u00bboff\u00a0\u00bb global_colors_info=\u00a0\u00bb{}\u00a0\u00bb]<\/p>\n<h3><strong>Ce que fait <\/strong><em>PRIMA<\/em><strong> unique ?<\/strong><\/h3>\n<p>[\/et_pb_text][et_pb_text _builder_version=\u00a0\u00bb4.20.4&Prime; background_size=\u00a0\u00bbinitial\u00a0\u00bb background_position=\u00a0\u00bbtop_left\u00a0\u00bb background_repeat=\u00a0\u00bbrepeat\u00a0\u00bb use_border_color=\u00a0\u00bboff\u00a0\u00bb global_colors_info=\u00a0\u00bb{}\u00a0\u00bb]<\/p>\n<p>L&rsquo;exp\u00e9rience cumul\u00e9e de milliers de clients VICIVISION r\u00e9unie dans une seule machine pour une gestion optimis\u00e9e de vos processus de tournage.<\/p>\n<p>&nbsp;<\/p>\n<p><strong>Logiciel simplifi\u00e9 pour une programmation rapide.<\/strong><br \/>L&rsquo;interface utilisateur est adapt\u00e9e \u00e0 vos besoins en tant qu&rsquo;utilisateur. Possibilit\u00e9 de choisir diff\u00e9rents environnements logiciels en fonction du type d&rsquo;utilisateur.<\/p>\n<p><em>Vivian<\/em><strong>, l&rsquo;assistant de mesure virtuel, vous guide pas \u00e0 pas dans la cr\u00e9ation du programme.<\/strong><br \/>Ainsi, le temps de formation de l&rsquo;op\u00e9rateur et le temps de programmation sont tous deux r\u00e9duits.<\/p>\n<p><strong>La plate-forme d&rsquo;apprentissage en ligne illustre le contenu non seulement visuellement, mais aussi avec une voix agr\u00e9able pour vous aider au mieux \u00e0 chaque instant.<\/strong><br \/>Le cours de formation pour les nouveaux op\u00e9rateurs et pour tous ceux qui souhaitent revoir et approfondir les bases qu&rsquo;ils ont apprises lors du premier cours ou am\u00e9liorer leurs connaissances.<\/p>\n<p><strong>Le service de programmation \u00e0 distance.<\/strong><br \/>Un technicien VICI est pr\u00eat \u00e0 se connecter en temps r\u00e9el au syst\u00e8me pour vous aider \u00e0 cr\u00e9er des programmes.<\/p>\n<p>[\/et_pb_text][\/et_pb_column][et_pb_column type=\u00a0\u00bb1_2&Prime; _builder_version=\u00a0\u00bb4.16&Prime; custom_padding=\u00a0\u00bb|||\u00a0\u00bb global_colors_info=\u00a0\u00bb{}\u00a0\u00bb custom_padding__hover=\u00a0\u00bb|||\u00a0\u00bb][\/et_pb_column][\/et_pb_row][\/et_pb_section][et_pb_section fb_built=\u00a0\u00bb1&Prime; _builder_version=\u00a0\u00bb4.16&Prime; global_colors_info=\u00a0\u00bb{}\u00a0\u00bb][et_pb_row column_structure=\u00a0\u00bb1_3,1_3,1_3&Prime; _builder_version=\u00a0\u00bb4.16&Prime; background_size=\u00a0\u00bbinitial\u00a0\u00bb background_position=\u00a0\u00bbtop_left\u00a0\u00bb background_repeat=\u00a0\u00bbrepeat\u00a0\u00bb global_colors_info=\u00a0\u00bb{}\u00a0\u00bb][et_pb_column type=\u00a0\u00bb1_3&Prime; _builder_version=\u00a0\u00bb4.16&Prime; custom_padding=\u00a0\u00bb|||\u00a0\u00bb global_colors_info=\u00a0\u00bb{}\u00a0\u00bb custom_padding__hover=\u00a0\u00bb|||\u00a0\u00bb][et_pb_image src=\u00a0\u00bbhttps:\/\/mt.osterwalder-zug.ch\/wp-content\/uploads\/2025\/05\/Dream.jpg\u00a0\u00bb title_text=\u00a0\u00bbR\u00eave\u00a0\u00bb align_tablet=\u00a0\u00bbcenter\u00a0\u00bb align_phone=\u00a0\u00bbcenter\u00a0\u00bb align_last_edited=\u00a0\u00bbon|desktop\u00a0\u00bb admin_label=\u00a0\u00bbBild Modernste SW\u00a0\u00bb _builder_version=\u00a0\u00bb4.27.4&Prime; animation_style=\u00a0\u00bbfade\u00a0\u00bb animation_duration=\u00a0\u00bb500ms\u00a0\u00bb hover_enabled=\u00a0\u00bb0&Prime; animation=\u00a0\u00bbfade_in\u00a0\u00bb use_border_color=\u00a0\u00bboff\u00a0\u00bb border_color=\u00a0\u00bb#ffffff\u00a0\u00bb border_style=\u00a0\u00bbsolid\u00a0\u00bb sticky=\u00a0\u00bboff\u00a0\u00bb always_center_on_mobile=\u00a0\u00bbon\u00a0\u00bb global_colors_info=\u00a0\u00bb{}\u00a0\u00bb sticky_enabled=\u00a0\u00bb0&Prime;][\/et_pb_image][et_pb_text admin_label=\u00a0\u00bbUntertitel Modernste SW\u00a0\u00bb _builder_version=\u00a0\u00bb4.16&Prime; background_size=\u00a0\u00bbinitial\u00a0\u00bb background_position=\u00a0\u00bbtop_left\u00a0\u00bb background_repeat=\u00a0\u00bbrepeat\u00a0\u00bb use_border_color=\u00a0\u00bboff\u00a0\u00bb border_color=\u00a0\u00bb#ffffff\u00a0\u00bb border_style=\u00a0\u00bbsolid\u00a0\u00bb global_colors_info=\u00a0\u00bb{}\u00a0\u00bb]<\/p>\n<h3>Logiciel de pointe<\/h3>\n<p>[\/et_pb_text][et_pb_text admin_label=\u00a0\u00bbText Modernste SW\u00a0\u00bb _builder_version=\u00a0\u00bb4.20.4&Prime; background_size=\u00a0\u00bbinitial\u00a0\u00bb background_position=\u00a0\u00bbtop_left\u00a0\u00bb background_repeat=\u00a0\u00bbrepeat\u00a0\u00bb use_border_color=\u00a0\u00bboff\u00a0\u00bb global_colors_info=\u00a0\u00bb{}\u00a0\u00bb]<\/p>\n<p>Le tout nouveau \u00ab\u00a0Dream Software\u00a0\u00bb a \u00e9t\u00e9 d\u00e9velopp\u00e9 pour am\u00e9liorer les temps de programmation et de mesure et pour augmenter encore le nombre de mesures possibles. Elle contient des outils sp\u00e9ciaux pour les mesures statiques et dynamiques et des instruments sp\u00e9cifiques pour les douilles filet\u00e9es, les arbres \u00e0 cames, les roues de turbine, etc.<\/p>\n<p>[\/et_pb_text][\/et_pb_column][et_pb_column type=\u00a0\u00bb1_3&Prime; _builder_version=\u00a0\u00bb4.16&Prime; custom_padding=\u00a0\u00bb|||\u00a0\u00bb global_colors_info=\u00a0\u00bb{}\u00a0\u00bb custom_padding__hover=\u00a0\u00bb|||\u00a0\u00bb][et_pb_image src=\u00a0\u00bbhttps:\/\/mt.osterwalder-zug.ch\/wp-content\/uploads\/2025\/05\/Dream-HP.jpg\u00a0\u00bb title_text=\u00a0\u00bbDream-HP\u00a0\u00bb align_tablet=\u00a0\u00bbcenter\u00a0\u00bb align_phone=\u00a0\u00bbcenter\u00a0\u00bb align_last_edited=\u00a0\u00bbon|desktop\u00a0\u00bb admin_label=\u00a0\u00bbBild Selfprograming\u00a0\u00bb _builder_version=\u00a0\u00bb4.27.4&Prime; animation_style=\u00a0\u00bbfade\u00a0\u00bb animation_duration=\u00a0\u00bb500ms\u00a0\u00bb hover_enabled=\u00a0\u00bb0&Prime; animation=\u00a0\u00bbfade_in\u00a0\u00bb use_border_color=\u00a0\u00bboff\u00a0\u00bb border_color=\u00a0\u00bb#ffffff\u00a0\u00bb border_style=\u00a0\u00bbsolid\u00a0\u00bb sticky=\u00a0\u00bboff\u00a0\u00bb always_center_on_mobile=\u00a0\u00bbon\u00a0\u00bb global_colors_info=\u00a0\u00bb{}\u00a0\u00bb sticky_enabled=\u00a0\u00bb0&Prime;][\/et_pb_image][et_pb_text admin_label=\u00a0\u00bbUntertitel Selfprograming\u00a0\u00bb _builder_version=\u00a0\u00bb4.16&Prime; background_size=\u00a0\u00bbinitial\u00a0\u00bb background_position=\u00a0\u00bbtop_left\u00a0\u00bb background_repeat=\u00a0\u00bbrepeat\u00a0\u00bb use_border_color=\u00a0\u00bboff\u00a0\u00bb border_color=\u00a0\u00bb#ffffff\u00a0\u00bb border_style=\u00a0\u00bbsolid\u00a0\u00bb global_colors_info=\u00a0\u00bb{}\u00a0\u00bb]<\/p>\n<h3>Fonctionnalit\u00e9s logicielles avanc\u00e9es<\/h3>\n<p>[\/et_pb_text][et_pb_text admin_label=\u00a0\u00bbText Selfprograming\u00a0\u00bb _builder_version=\u00a0\u00bb4.16&Prime; background_size=\u00a0\u00bbinitial\u00a0\u00bb background_position=\u00a0\u00bbtop_left\u00a0\u00bb background_repeat=\u00a0\u00bbrepeat\u00a0\u00bb use_border_color=\u00a0\u00bboff\u00a0\u00bb border_color=\u00a0\u00bb#ffffff\u00a0\u00bb border_style=\u00a0\u00bbsolid\u00a0\u00bb global_colors_info=\u00a0\u00bb{}\u00a0\u00bb]De nouvelles fonctions automatiques facilitent l&rsquo;obtention de valeurs de mesure par l&rsquo;op\u00e9rateur : programmation automatique, chargement automatique du programme pi\u00e8ce, programmation semi-automatique, comparaison DXF.<br \/>\n[\/et_pb_text][\/et_pb_column][et_pb_column type=\u00a0\u00bb1_3&Prime; _builder_version=\u00a0\u00bb4.16&Prime; custom_padding=\u00a0\u00bb|||\u00a0\u00bb global_colors_info=\u00a0\u00bb{}\u00a0\u00bb custom_padding__hover=\u00a0\u00bb|||\u00a0\u00bb][et_pb_image src=\u00a0\u00bbhttps:\/\/mt.osterwalder-zug.ch\/wp-content\/uploads\/2025\/05\/rapport.jpg\u00a0\u00bb align_tablet=\u00a0\u00bbcenter\u00a0\u00bb align_phone=\u00a0\u00bbcenter\u00a0\u00bb align_last_edited=\u00a0\u00bbon|desktop\u00a0\u00bb admin_label=\u00a0\u00bbBild Messbericht\u00a0\u00bb _builder_version=\u00a0\u00bb4.27.4&Prime; animation_style=\u00a0\u00bbfade\u00a0\u00bb animation_duration=\u00a0\u00bb500ms\u00a0\u00bb hover_enabled=\u00a0\u00bb0&Prime; use_border_color=\u00a0\u00bboff\u00a0\u00bb always_center_on_mobile=\u00a0\u00bbon\u00a0\u00bb global_colors_info=\u00a0\u00bb{}\u00a0\u00bb title_text=\u00a0\u00bbrapport\u00a0\u00bb sticky_enabled=\u00a0\u00bb0&Prime;][\/et_pb_image][et_pb_text admin_label=\u00a0\u00bbUntertitel Messbericht\u00a0\u00bb _builder_version=\u00a0\u00bb4.16&Prime; background_size=\u00a0\u00bbinitial\u00a0\u00bb background_position=\u00a0\u00bbtop_left\u00a0\u00bb background_repeat=\u00a0\u00bbrepeat\u00a0\u00bb use_border_color=\u00a0\u00bboff\u00a0\u00bb global_colors_info=\u00a0\u00bb{}\u00a0\u00bb]<\/p>\n<h3>Protocole de mesure<\/h3>\n<p>[\/et_pb_text][et_pb_text admin_label=\u00a0\u00bbText Messbericht\u00a0\u00bb _builder_version=\u00a0\u00bb4.16&Prime; background_size=\u00a0\u00bbinitial\u00a0\u00bb background_position=\u00a0\u00bbtop_left\u00a0\u00bb background_repeat=\u00a0\u00bbrepeat\u00a0\u00bb use_border_color=\u00a0\u00bboff\u00a0\u00bb global_colors_info=\u00a0\u00bb{}\u00a0\u00bb]Le logiciel permet \u00e0 l&rsquo;op\u00e9rateur d&rsquo;imprimer ou d&rsquo;exporter des rapports de mesure complets et personnalis\u00e9s (dans tous les formats courants). Les r\u00e9sultats de mesure peuvent \u00eatre facilement suivis<br \/>\n[\/et_pb_text][\/et_pb_column][\/et_pb_row][\/et_pb_section]<\/p>\n","protected":false},"excerpt":{"rendered":"<p>309 PRIMA &#8211; 614 PRIMAPour mesurer les grands arbres, ainsi que les petites pi\u00e8ces. La simplicit\u00e9 permet \u00e0 chaque op\u00e9rateur de contr\u00f4ler le processus de production \u00e0 tout moment. Notre objectif est de vous offrir des normes de mesure \u00e9lev\u00e9es \u00e0 un excellent rapport qualit\u00e9-prix avec une machine compacte. Des centaines de mesures en quelques [&hellip;]<\/p>\n","protected":false},"author":1,"featured_media":0,"comment_status":"closed","ping_status":"closed","template":"","meta":{"_et_pb_use_builder":"on","_et_pb_old_content":"","_et_gb_content_width":"","footnotes":""},"project_category":[],"project_tag":[],"class_list":["post-2923","project","type-project","status-publish","hentry"],"_links":{"self":[{"href":"https:\/\/mt.osterwalder-zug.ch\/fr\/wp-json\/wp\/v2\/project\/2923","targetHints":{"allow":["GET"]}}],"collection":[{"href":"https:\/\/mt.osterwalder-zug.ch\/fr\/wp-json\/wp\/v2\/project"}],"about":[{"href":"https:\/\/mt.osterwalder-zug.ch\/fr\/wp-json\/wp\/v2\/types\/project"}],"author":[{"embeddable":true,"href":"https:\/\/mt.osterwalder-zug.ch\/fr\/wp-json\/wp\/v2\/users\/1"}],"replies":[{"embeddable":true,"href":"https:\/\/mt.osterwalder-zug.ch\/fr\/wp-json\/wp\/v2\/comments?post=2923"}],"version-history":[{"count":10,"href":"https:\/\/mt.osterwalder-zug.ch\/fr\/wp-json\/wp\/v2\/project\/2923\/revisions"}],"predecessor-version":[{"id":3390,"href":"https:\/\/mt.osterwalder-zug.ch\/fr\/wp-json\/wp\/v2\/project\/2923\/revisions\/3390"}],"wp:attachment":[{"href":"https:\/\/mt.osterwalder-zug.ch\/fr\/wp-json\/wp\/v2\/media?parent=2923"}],"wp:term":[{"taxonomy":"project_category","embeddable":true,"href":"https:\/\/mt.osterwalder-zug.ch\/fr\/wp-json\/wp\/v2\/project_category?post=2923"},{"taxonomy":"project_tag","embeddable":true,"href":"https:\/\/mt.osterwalder-zug.ch\/fr\/wp-json\/wp\/v2\/project_tag?post=2923"}],"curies":[{"name":"wp","href":"https:\/\/api.w.org\/{rel}","templated":true}]}}